{"id":271,"date":"2018-01-06T17:54:20","date_gmt":"2018-01-06T17:54:20","guid":{"rendered":"http:\/\/tonderjugend.com\/?page_id=271"},"modified":"2023-03-28T10:55:46","modified_gmt":"2023-03-28T10:55:46","slug":"home","status":"publish","type":"page","link":"https:\/\/tonderjugend.com\/en\/","title":{"rendered":"Home"},"content":{"rendered":"<p>[et_pb_section fb_built=&#8220;1&#8243; fullwidth=&#8220;on&#8220; _builder_version=&#8220;4.16&#8243; global_colors_info=&#8220;{}&#8220;][et_pb_fullwidth_slider _builder_version=&#8220;4.16&#8243; header_font=&#8220;||||||||&#8220; animation_style=&#8220;fade&#8220; auto=&#8220;on&#8220; box_shadow_style=&#8220;preset6&#8243; box_shadow_blur=&#8220;10px&#8220; box_shadow_color=&#8220;rgba(0,0,0,0.1)&#8220; global_colors_info=&#8220;{}&#8220; button_text_size__hover_enabled=&#8220;off&#8220; button_one_text_size__hover_enabled=&#8220;off&#8220; button_two_text_size__hover_enabled=&#8220;off&#8220; button_text_color__hover_enabled=&#8220;off&#8220; button_one_text_color__hover_enabled=&#8220;off&#8220; button_two_text_color__hover_enabled=&#8220;off&#8220; button_border_width__hover_enabled=&#8220;off&#8220; button_one_border_width__hover_enabled=&#8220;off&#8220; button_two_border_width__hover_enabled=&#8220;off&#8220; button_border_color__hover_enabled=&#8220;off&#8220; button_one_border_color__hover_enabled=&#8220;off&#8220; button_two_border_color__hover_enabled=&#8220;off&#8220; button_border_radius__hover_enabled=&#8220;off&#8220; button_one_border_radius__hover_enabled=&#8220;off&#8220; button_two_border_radius__hover_enabled=&#8220;off&#8220; button_letter_spacing__hover_enabled=&#8220;off&#8220; button_one_letter_spacing__hover_enabled=&#8220;off&#8220; button_two_letter_spacing__hover_enabled=&#8220;off&#8220; button_bg_color__hover_enabled=&#8220;off&#8220; button_one_bg_color__hover_enabled=&#8220;off&#8220; button_two_bg_color__hover_enabled=&#8220;off&#8220;][et_pb_slide heading=&#8220;WIR SIND DIE KUNST&#8220; use_bg_overlay=&#8220;on&#8220; use_text_overlay=&#8220;off&#8220; _builder_version=&#8220;4.16&#8243; header_font=&#8220;Open Sans|300|||||||&#8220; header_text_align=&#8220;center&#8220; header_font_size=&#8220;60px&#8220; background_color=&#8220;#ffffff&#8220; background_image=&#8220;http:\/\/tonderjugend.com\/wp-content\/uploads\/2018\/03\/Elisabeth_Gatterburg_Konzerthaus-76-copy.jpg&#8220; custom_padding=&#8220;|||&#8220; child_filter_saturate=&#8220;109%&#8220; header_text_shadow_style=&#8220;preset1&#8243; header_text_shadow_blur_strength=&#8220;2em&#8220; global_colors_info=&#8220;{}&#8220; sticky_transition=&#8220;on&#8220; button_text_size__hover_enabled=&#8220;off&#8220; button_one_text_size__hover_enabled=&#8220;off&#8220; button_two_text_size__hover_enabled=&#8220;off&#8220; button_text_color__hover_enabled=&#8220;off&#8220; button_one_text_color__hover_enabled=&#8220;off&#8220; button_two_text_color__hover_enabled=&#8220;off&#8220; button_border_width__hover_enabled=&#8220;off&#8220; button_one_border_width__hover_enabled=&#8220;off&#8220; button_two_border_width__hover_enabled=&#8220;off&#8220; button_border_color__hover_enabled=&#8220;off&#8220; button_one_border_color__hover_enabled=&#8220;off&#8220; button_two_border_color__hover_enabled=&#8220;off&#8220; button_border_radius__hover_enabled=&#8220;off&#8220; button_one_border_radius__hover_enabled=&#8220;off&#8220; button_two_border_radius__hover_enabled=&#8220;off&#8220; button_letter_spacing__hover_enabled=&#8220;off&#8220; button_one_letter_spacing__hover_enabled=&#8220;off&#8220; button_two_letter_spacing__hover_enabled=&#8220;off&#8220; button_bg_color__hover_enabled=&#8220;off&#8220; button_one_bg_color__hover_enabled=&#8220;off&#8220; button_two_bg_color__hover_enabled=&#8220;off&#8220;][\/et_pb_slide][et_pb_slide heading=&#8220;WIR SIND DIE JUGEND&#8220; use_bg_overlay=&#8220;on&#8220; _builder_version=&#8220;4.16&#8243; header_font=&#8220;Open Sans|300|||||||&#8220; header_text_align=&#8220;center&#8220; header_font_size=&#8220;60px&#8220; background_color=&#8220;#ffffff&#8220; background_image=&#8220;http:\/\/tonderjugend.com\/wp-content\/uploads\/2018\/03\/Elisabeth_Gatterburg_Konzerthaus-79.jpg&#8220; header_text_shadow_style=&#8220;preset1&#8243; header_text_shadow_blur_strength=&#8220;2em&#8220; global_colors_info=&#8220;{}&#8220; sticky_transition=&#8220;on&#8220; button_text_size__hover_enabled=&#8220;off&#8220; button_one_text_size__hover_enabled=&#8220;off&#8220; button_two_text_size__hover_enabled=&#8220;off&#8220; button_text_color__hover_enabled=&#8220;off&#8220; button_one_text_color__hover_enabled=&#8220;off&#8220; button_two_text_color__hover_enabled=&#8220;off&#8220; button_border_width__hover_enabled=&#8220;off&#8220; button_one_border_width__hover_enabled=&#8220;off&#8220; button_two_border_width__hover_enabled=&#8220;off&#8220; button_border_color__hover_enabled=&#8220;off&#8220; button_one_border_color__hover_enabled=&#8220;off&#8220; button_two_border_color__hover_enabled=&#8220;off&#8220; button_border_radius__hover_enabled=&#8220;off&#8220; button_one_border_radius__hover_enabled=&#8220;off&#8220; button_two_border_radius__hover_enabled=&#8220;off&#8220; button_letter_spacing__hover_enabled=&#8220;off&#8220; button_one_letter_spacing__hover_enabled=&#8220;off&#8220; button_two_letter_spacing__hover_enabled=&#8220;off&#8220; button_bg_color__hover_enabled=&#8220;off&#8220; button_one_bg_color__hover_enabled=&#8220;off&#8220; button_two_bg_color__hover_enabled=&#8220;off&#8220;][\/et_pb_slide][et_pb_slide heading=&#8220;WIR SIND TON DER JUGEND&#8220; use_bg_overlay=&#8220;on&#8220; _builder_version=&#8220;4.16&#8243; header_font=&#8220;Open Sans|300|||||||&#8220; header_text_align=&#8220;center&#8220; header_font_size=&#8220;60px&#8220; header_line_height=&#8220;1.4em&#8220; background_color=&#8220;#ffffff&#8220; background_image=&#8220;http:\/\/tonderjugend.com\/wp-content\/uploads\/2018\/03\/Elisabeth_Gatterburg_Konzerthaus-7.jpg&#8220; header_text_shadow_style=&#8220;preset1&#8243; header_text_shadow_blur_strength=&#8220;2em&#8220; global_colors_info=&#8220;{}&#8220; sticky_transition=&#8220;on&#8220; button_text_size__hover_enabled=&#8220;off&#8220; button_one_text_size__hover_enabled=&#8220;off&#8220; button_two_text_size__hover_enabled=&#8220;off&#8220; button_text_color__hover_enabled=&#8220;off&#8220; button_one_text_color__hover_enabled=&#8220;off&#8220; button_two_text_color__hover_enabled=&#8220;off&#8220; button_border_width__hover_enabled=&#8220;off&#8220; button_one_border_width__hover_enabled=&#8220;off&#8220; button_two_border_width__hover_enabled=&#8220;off&#8220; button_border_color__hover_enabled=&#8220;off&#8220; button_one_border_color__hover_enabled=&#8220;off&#8220; button_two_border_color__hover_enabled=&#8220;off&#8220; button_border_radius__hover_enabled=&#8220;off&#8220; button_one_border_radius__hover_enabled=&#8220;off&#8220; button_two_border_radius__hover_enabled=&#8220;off&#8220; button_letter_spacing__hover_enabled=&#8220;off&#8220; button_one_letter_spacing__hover_enabled=&#8220;off&#8220; button_two_letter_spacing__hover_enabled=&#8220;off&#8220; button_bg_color__hover_enabled=&#8220;off&#8220; button_one_bg_color__hover_enabled=&#8220;off&#8220; button_two_bg_color__hover_enabled=&#8220;off&#8220;][\/et_pb_slide][\/et_pb_fullwidth_slider][\/et_pb_section][et_pb_section fb_built=&#8220;1&#8243; _builder_version=&#8220;4.16&#8243; use_background_color_gradient=&#8220;on&#8220; background_color_gradient_stops=&#8220;rgba(243,241,224,0.9) 0%|rgba(213,211,196,0.25) 100%&#8220; background_color_gradient_start=&#8220;rgba(243,241,224,0.9)&#8220; background_color_gradient_end=&#8220;rgba(213,211,196,0.25)&#8220; custom_padding=&#8220;0px|0px|0px|0px&#8220; global_colors_info=&#8220;{}&#8220;][et_pb_row _builder_version=&#8220;4.16&#8243; global_colors_info=&#8220;{}&#8220;][et_pb_column type=&#8220;4_4&#8243; _builder_version=&#8220;4.16&#8243; custom_padding=&#8220;|||&#8220; global_colors_info=&#8220;{}&#8220; custom_padding__hover=&#8220;|||&#8220;][et_pb_text _builder_version=&#8220;4.16&#8243; text_font=&#8220;Open Sans|300|||||||&#8220; text_font_size=&#8220;20px&#8220; text_line_height=&#8220;1.8em&#8220; text_orientation=&#8220;center&#8220; global_colors_info=&#8220;{}&#8220;]<em>Ton der Jugend<\/em> bringt junge, am Beginn ihrer Karriere stehende MusikerInnen zusammen. Uns ist es ein Anliegen sie als K\u00fcnstlerInnen zu f\u00f6rdern, in dem wir einen Rahmen schaffen wo sie sich entfalten und ihre Liebe zur Musik ausleben k\u00f6nnen. Das Ziel ist sowohl als Ensemble im Einklang zu spielen als auch eigene Ideen und Pers\u00f6nlichkeiten einzubringen. Der Zeit ihre Kunst, den K\u00fcnstlern ihre Freiheit. <em>Ton der Jugend<\/em> soll ein Ort sein, an dem gro\u00dfartige, klassische Musik, auf kreative K\u00f6pfe mit neuen Zug\u00e4ngen und Interpretationen trifft. Dieses Orchester voller Schwung und Begeisterung scheut keine Herausforderungen und macht einfach Lust auf Musik. Kommen Sie zu unserem n\u00e4chsten Konzert und folgen Sie uns auf eine musikalische Reise.<\/p>\n<p>Ioan-Drago\u0219 Dimitriu und Andrej Vesel<\/p>\n<p>Gr\u00fcnder des <em>Ton der Jugend <\/em>Vereins[\/et_pb_text][\/et_pb_column][\/et_pb_row][\/et_pb_section][et_pb_section fb_built=&#8220;1&#8243; _builder_version=&#8220;3.0.93&#8243; background_color=&#8220;#1e1f1d&#8220; custom_padding=&#8220;0px||0px|&#8220; global_module=&#8220;3910&#8243; global_colors_info=&#8220;{}&#8220;][et_pb_row _builder_version=&#8220;4.16&#8243; background_size=&#8220;initial&#8220; background_position=&#8220;top_left&#8220; background_repeat=&#8220;repeat&#8220; global_colors_info=&#8220;{}&#8220; column_structure=&#8220;1_3,1_3,1_3&#8243;][et_pb_column type=&#8220;1_3&#8243; _builder_version=&#8220;4.16&#8243; custom_padding=&#8220;|||&#8220; global_colors_info=&#8220;{}&#8220; custom_padding__hover=&#8220;|||&#8220;][et_pb_image src=&#8220;http:\/\/tonderjugend.com\/wp-content\/uploads\/2018\/01\/cropped-TonDerJugend-logo_vector-FINAL-copy.jpg&#8220; align=&#8220;center&#8220; align_tablet=&#8220;center&#8220; align_last_edited=&#8220;on|desktop&#8220; _builder_version=&#8220;4.16&#8243; max_width=&#8220;76%&#8220; border_radii=&#8220;|10px|10px|10px|10px&#8220; box_shadow_style=&#8220;preset1&#8243; global_colors_info=&#8220;{}&#8220; align_phone=&#8220;center&#8220;]<\/p>\n<p style=\"text-align: center;\">&#8222;Ton der Jugend&#8220; bringt junge Musiker und Musikerinnen zusammen, die gerade am Beginn ihrer Karriere stehen. Unser Anliegen ist es, diese K\u00fcnstler und K\u00fcnstlerinnen zu f\u00f6rdern, einen Rahmen schaffen, in dem sie sich entfalten und ihre liebe zur Musik ausleben k\u00f6nnen. Dabei sollen sie nicht nur als Ensemble im Einklang spielen, sondern auch ihre eigenen Ideen und Pers\u00f6nlichkeiten einbringen. Der Zeit ihre Kunst, den K\u00fcnstlern ihre Freiheit: Ton der Jugend soll ein Ort sein, an dem gro\u00dfartige, klassische Musik, auf kreative K\u00f6pfe mit neuen Zug\u00e4ngen und Interpretationen trifft. Dieses Orchester voller Elan und Begeisterung scheut keine Herausforderungen und macht einfach Lust auf Musik. Kommen Sie zu unsrem n\u00e4chsten Konzert und folgen Sie uns auf eine musikalische Reise.<\/p>\n<p style=\"text-align: center;\">&#8211; Die Gr\u00fcnder des Ton der Jugend Vereins, Ioan-Drago\u0219 Dimitriu &#038; Andrej Vesel<\/p>\n<p>[\/et_pb_image][\/et_pb_column][et_pb_column type=&#8220;1_3&#8243; _builder_version=&#8220;4.16&#8243; custom_padding=&#8220;|||&#8220; global_colors_info=&#8220;{}&#8220; custom_padding__hover=&#8220;|||&#8220;][et_pb_social_media_follow _builder_version=&#8220;4.16&#8243; background_color=&#8220;#1e1f1d&#8220; text_orientation=&#8220;center&#8220; module_alignment=&#8220;center&#8220; global_colors_info=&#8220;{}&#8220;][et_pb_social_media_follow_network social_network=&#8220;facebook&#8220; url=&#8220;https:\/\/www.facebook.com\/TonDerJugend\/&#8220; _builder_version=&#8220;4.16&#8243; background_color=&#8220;#1e1f1d&#8220; border_color_all=&#8220;#787c73&#8243; global_colors_info=&#8220;{}&#8220; follow_button=&#8220;off&#8220; url_new_window=&#8220;on&#8220;]<\/p>\n<p>Facebook<\/p>\n<p>[\/et_pb_social_media_follow_network][et_pb_social_media_follow_network social_network=&#8220;instagram&#8220; url=&#8220;https:\/\/www.instagram.com\/ton_der_jugend&#8220; _builder_version=&#8220;4.16&#8243; background_color=&#8220;#1e1f1d&#8220; border_color_all=&#8220;#787c73&#8243; global_colors_info=&#8220;{}&#8220; follow_button=&#8220;off&#8220; url_new_window=&#8220;on&#8220;]<\/p>\n<p>Instagram<\/p>\n<p>[\/et_pb_social_media_follow_network][et_pb_social_media_follow_network social_network=&#8220;twitter&#8220; url=&#8220;https:\/\/twitter.com\/ton_der_jugend&#8220; _builder_version=&#8220;4.16&#8243; background_color=&#8220;#1e1f1d&#8220; border_color_all=&#8220;#787c73&#8243; global_colors_info=&#8220;{}&#8220; follow_button=&#8220;off&#8220; url_new_window=&#8220;on&#8220;]<\/p>\n<p>Twitter<\/p>\n<p>[\/et_pb_social_media_follow_network][et_pb_social_media_follow_network social_network=&#8220;linkedin&#8220; url=&#8220;https:\/\/www.linkedin.com\/company\/ton-der-jugend\/&#8220; _builder_version=&#8220;4.16&#8243; background_color=&#8220;#1e1f1d&#8220; border_color_all=&#8220;#787c73&#8243; global_colors_info=&#8220;{}&#8220; follow_button=&#8220;off&#8220; url_new_window=&#8220;on&#8220;]<\/p>\n<p>LinkedIn<\/p>\n<p>[\/et_pb_social_media_follow_network][et_pb_social_media_follow_network social_network=&#8220;youtube&#8220; url=&#8220;https:\/\/www.youtube.com\/channel\/UCJ3-MNQdnabNaXQ0W-9rDVA?view_as=subscriber&#8220; _builder_version=&#8220;4.16&#8243; background_color=&#8220;#1e1f1d&#8220; global_colors_info=&#8220;{}&#8220; follow_button=&#8220;off&#8220; url_new_window=&#8220;on&#8220;]youtube[\/et_pb_social_media_follow_network][\/et_pb_social_media_follow][\/et_pb_column][et_pb_column type=&#8220;1_3&#8243; _builder_version=&#8220;4.16&#8243; custom_padding=&#8220;|||&#8220; global_colors_info=&#8220;{}&#8220; custom_padding__hover=&#8220;|||&#8220;][et_pb_text _builder_version=&#8220;4.16&#8243; text_font=&#8220;Open Sans|300|||||||&#8220; text_text_color=&#8220;#f1f8e7&#8243; text_font_size=&#8220;16px&#8220; text_orientation=&#8220;center&#8220; background_layout=&#8220;dark&#8220; global_colors_info=&#8220;{}&#8220;]<\/p>\n<p><a href=\"mailto:office@tonderjugend.com\">office@tonderjugend.com<\/a><\/p>\n<p>[\/et_pb_text][\/et_pb_column][\/et_pb_row][\/et_pb_section]<\/p>\n","protected":false},"excerpt":{"rendered":"<p>Ton der Jugend bringt junge, am Beginn ihrer Karriere stehende MusikerInnen zusammen. Uns ist es ein Anliegen sie als K\u00fcnstlerInnen zu f\u00f6rdern, in dem wir einen Rahmen schaffen wo sie sich entfalten und ihre Liebe zur Musik ausleben k\u00f6nnen. Das Ziel ist sowohl als Ensemble im Einklang zu spielen als auch eigene Ideen und Pers\u00f6nlichkeiten [&hellip;]<\/p>\n","protected":false},"author":1,"featured_media":0,"parent":0,"menu_order":1,"comment_status":"closed","ping_status":"closed","template":"","meta":{"_seopress_titles_title":"","_seopress_titles_desc":"","_seopress_robots_index":"","_seopress_robots_follow":"","_seopress_robots_imageindex":"","_seopress_robots_snippet":"","_seopress_robots_primary_cat":"","_seopress_robots_breadcrumbs":"","_seopress_robots_freeze_modified_date":"","_seopress_robots_custom_modified_date":"","_seopress_robots_canonical":"","_seopress_social_fb_title":"","_seopress_social_fb_desc":"","_seopress_social_fb_img":"","_seopress_social_fb_img_attachment_id":0,"_seopress_social_fb_img_width":0,"_seopress_social_fb_img_height":0,"_seopress_social_twitter_title":"","_seopress_social_twitter_desc":"","_seopress_social_twitter_img":"","_seopress_social_twitter_img_attachment_id":0,"_seopress_social_twitter_img_width":0,"_seopress_social_twitter_img_height":0,"_seopress_redirections_value":"","_seopress_redirections_enabled":"","_seopress_redirections_enabled_regex":"","_seopress_redirections_logged_status":"","_seopress_redirections_param":"","_seopress_redirections_type":0,"_seopress_analysis_target_kw":"","_et_pb_use_builder":"on","_et_pb_old_content":"","_et_gb_content_width":"","footnotes":""},"class_list":["post-271","page","type-page","status-publish","hentry"],"jetpack_sharing_enabled":true,"_links":{"self":[{"href":"https:\/\/tonderjugend.com\/en\/wp-json\/wp\/v2\/pages\/271","targetHints":{"allow":["GET"]}}],"collection":[{"href":"https:\/\/tonderjugend.com\/en\/wp-json\/wp\/v2\/pages"}],"about":[{"href":"https:\/\/tonderjugend.com\/en\/wp-json\/wp\/v2\/types\/page"}],"author":[{"embeddable":true,"href":"https:\/\/tonderjugend.com\/en\/wp-json\/wp\/v2\/users\/1"}],"replies":[{"embeddable":true,"href":"https:\/\/tonderjugend.com\/en\/wp-json\/wp\/v2\/comments?post=271"}],"version-history":[{"count":64,"href":"https:\/\/tonderjugend.com\/en\/wp-json\/wp\/v2\/pages\/271\/revisions"}],"predecessor-version":[{"id":5250,"href":"https:\/\/tonderjugend.com\/en\/wp-json\/wp\/v2\/pages\/271\/revisions\/5250"}],"wp:attachment":[{"href":"https:\/\/tonderjugend.com\/en\/wp-json\/wp\/v2\/media?parent=271"}],"curies":[{"name":"wp","href":"https:\/\/api.w.org\/{rel}","templated":true}]}}